{"id":6176,"date":"1926-01-01T00:00:00","date_gmt":"1926-01-01T00:00:00","guid":{"rendered":"https:\/\/coldefy.fr\/projet\/cite-administrative-of-lille\/"},"modified":"2024-10-22T10:49:55","modified_gmt":"2024-10-22T08:49:55","slug":"cite-administrative-of-lille","status":"publish","type":"projet","link":"https:\/\/coldefy.fr\/fr\/projet\/cite-administrative-of-lille\/","title":{"rendered":"Cit\u00e9 administrative de Lille"},"content":{"rendered":"<p>La cit\u00e9 administrative accorde les enjeux de l\u2019\u00e9tat avec les enjeux de la ville de Lille, de la m\u00e9tropole et plus globalement de nos villes d\u2019aujourd\u2019hui, en introduisant un juste \u00e9quilibre entre surface b\u00e2tie et nature, en imaginant un projet pour ses utilisateurs et ses riverains, o\u00f9 le paysage est un point d\u2019appui essentiel. La nature install\u00e9e dans le projet r\u00e9unifie la ville avec son territoire, cr\u00e9e des ouvertures et d\u00e9finit un campus administratif d\u2019aujourd\u2019hui.<\/p>\n<p>Notre projet articule le lin\u00e9aire urbain par la cr\u00e9ation de b\u00e2timents en peigne \u00e0 travers lesquels, les multiples jardins ponctuent la r\u00e9partition b\u00e2ti \u2013 paysage le long du boulevard de Strasbourg. Ce principe conditionne l\u2019int\u00e9gration douce de la Cit\u00e9 dans la ville et participe \u00e0 l\u2019\u00e9volution de l\u2019image d\u2019un \u00e9quipement tertiaire qui devient plus domestique, plus urbain, plus humain.<\/p>\n","protected":false},"featured_media":8735,"template":"","categories":[3],"acf":[],"_links":{"self":[{"href":"https:\/\/coldefy.fr\/fr\/wp-json\/wp\/v2\/projet\/6176"}],"collection":[{"href":"https:\/\/coldefy.fr\/fr\/wp-json\/wp\/v2\/projet"}],"about":[{"href":"https:\/\/coldefy.fr\/fr\/wp-json\/wp\/v2\/types\/projet"}],"wp:featuredmedia":[{"embeddable":true,"href":"https:\/\/coldefy.fr\/fr\/wp-json\/wp\/v2\/media\/8735"}],"wp:attachment":[{"href":"https:\/\/coldefy.fr\/fr\/wp-json\/wp\/v2\/media?parent=6176"}],"wp:term":[{"taxonomy":"category","embeddable":true,"href":"https:\/\/coldefy.fr\/fr\/wp-json\/wp\/v2\/categories?post=6176"}],"curies":[{"name":"wp","href":"https:\/\/api.w.org\/{rel}","templated":true}]}}