{"id":664,"date":"1925-01-01T00:00:00","date_gmt":"1925-01-01T00:00:00","guid":{"rendered":"https:\/\/coldefy.fr\/en\/?post_type=projet&#038;p=664"},"modified":"2022-08-02T11:57:11","modified_gmt":"2022-08-02T09:57:11","slug":"centralite","status":"publish","type":"projet","link":"https:\/\/coldefy.fr\/fr\/projet\/centralite\/","title":{"rendered":"Centralit\u00e9"},"content":{"rendered":"<div class=\"first column\">\n<p>Le projet est compos\u00e9 de trois op\u00e9rations : un habitat vertical de 50 logements appel\u00e9 la<em> P\u00e9pite<\/em>, deux immeubles collectifs de 53 logements et la Maison du Projet nomm\u00e9 La <em>Proue)<\/em>. L\u2019ensemble marque la nouvelle place la Centralit\u00e9 et renforce le lien entre \u00ab vivre \u00bb et \u00ab habiter \u00bb.<\/p>\n<p>La fa\u00e7ade de <em>La P\u00e9pite<\/em> est constitu\u00e9e d\u2019une double peau ajour\u00e9e abritant de multiples balcons ; le b\u00e2timent compose l\u2019espace public et participe au renouveau de cet espace majeur. Les deux immeubles collectifs sont envelopp\u00e9s par un filtre de tasseaux en bois, en dialogue avec l\u2019environnement imm\u00e9diat qui mixe min\u00e9ralit\u00e9 et larges espaces verts r\u00e9v\u00e9l\u00e9s. Les coursives d\u00e9cal\u00e9es permettent \u00e0 la fois d\u2019offrir \u00e0 tous les appartements un espace ext\u00e9rieur, mais aussi de cr\u00e9er un dynamisme \u00e0 l\u2019ensemble de l\u2019op\u00e9ration.<\/p>\n<p>Le volume de la <em>Proue<\/em>, qui accueille la <em>Maison du Projet Urbain<\/em>, est marqu\u00e9 par un jeu de pentes au niveau de sa toiture permettant la mise en place d\u2019un paysage verdoyant. La pente la plus inclin\u00e9e descend \u00e0 hauteur du pi\u00e9ton permettant de cr\u00e9er une continuit\u00e9 avec l\u2019espace public, notamment avec la Place de l\u2019Europe. Cet effet est renforc\u00e9 par ses fa\u00e7ades vitr\u00e9es qui offrent une contemplation sur le nouveau centre.<\/p>\n<\/div>\n","protected":false},"featured_media":5805,"template":"","categories":[],"acf":[],"_links":{"self":[{"href":"https:\/\/coldefy.fr\/fr\/wp-json\/wp\/v2\/projet\/664"}],"collection":[{"href":"https:\/\/coldefy.fr\/fr\/wp-json\/wp\/v2\/projet"}],"about":[{"href":"https:\/\/coldefy.fr\/fr\/wp-json\/wp\/v2\/types\/projet"}],"wp:featuredmedia":[{"embeddable":true,"href":"https:\/\/coldefy.fr\/fr\/wp-json\/wp\/v2\/media\/5805"}],"wp:attachment":[{"href":"https:\/\/coldefy.fr\/fr\/wp-json\/wp\/v2\/media?parent=664"}],"wp:term":[{"taxonomy":"category","embeddable":true,"href":"https:\/\/coldefy.fr\/fr\/wp-json\/wp\/v2\/categories?post=664"}],"curies":[{"name":"wp","href":"https:\/\/api.w.org\/{rel}","templated":true}]}}