{"id":9388,"date":"1900-01-08T12:30:21","date_gmt":"1900-01-08T12:21:00","guid":{"rendered":"https:\/\/coldefy.fr\/?post_type=projet&#038;p=9388"},"modified":"2024-12-05T10:01:11","modified_gmt":"2024-12-05T09:01:11","slug":"cluster-dadministration-publique-a-tirana","status":"publish","type":"projet","link":"https:\/\/coldefy.fr\/fr\/projet\/cluster-dadministration-publique-a-tirana\/","title":{"rendered":"Cluster d&rsquo;Administration Publique \u00e0 Tirana"},"content":{"rendered":"\n<p>L&rsquo;\u00e9quipe pluridisciplinaire dirig\u00e9e par Coldefy, en collaboration avec les architectes locaux Atelier 4, l&rsquo;artiste italien Jacopo Foggini, les paysagistes Sempervirens, et AEI Progetti inginieures, a \u00e9t\u00e9 annonc\u00e9e comme laur\u00e9ate du concours international pour la conception du Cluster d&rsquo;Administration Publique \u00e0 Tirana, en Albanie. Le concours vise \u00e0 consolider les services gouvernementaux dans un nouveau p\u00f4le administratif, am\u00e9liorant la fonctionnalit\u00e9 et l&rsquo;efficacit\u00e9 des institutions publiques tout en renfor\u00e7ant la connexion entre les citoyens et la gouvernance.<\/p>\n\n\n\n<p>Le nouveau Cluster d&rsquo;Administration Publique s&rsquo;\u00e9tendra sur 31 000 m\u00e8tres carr\u00e9s en surface, en plus des parkings et services en sous-sol. Le complexe abritera diverses institutions gouvernementales et installations publiques. Le rez-de-chauss\u00e9e sera enti\u00e8rement ouvert et accessible, offrant des places, des espaces commerciaux et des cours paysag\u00e9es qui relient harmonieusement l&rsquo;int\u00e9rieur et l&rsquo;ext\u00e9rieur, am\u00e9liorant ainsi<strong>&nbsp;<\/strong>non seulement l&rsquo;espace de travail des employ\u00e9s, mais aussi le quartier environnant.<\/p>\n\n\n\n<p>Le projet adopte une strat\u00e9gie urbaine globale con\u00e7ue pour all\u00e9ger les pressions d&rsquo;un quartier en pleine croissance tout en am\u00e9liorant l&rsquo;accessibilit\u00e9 et la connectivit\u00e9 de la zone. En int\u00e9grant de larges chemins pi\u00e9tonniers, de vastes places publiques et des connexions strat\u00e9giquement plac\u00e9es reliant diff\u00e9rentes parties du site, le b\u00e2timent favorise un sentiment de fluidit\u00e9 et d&rsquo;ouverture, invitant au mouvement \u00e0 travers le quartier plut\u00f4t que de cr\u00e9er des barri\u00e8res.<\/p>\n\n\n\n<p>L&rsquo;int\u00e9gration de l&rsquo;art et de l&rsquo;architecture est au c\u0153ur de la conception du projet, qui puise son inspiration dans la riche tradition albanaise de la couleur et de l&rsquo;artisanat. Les tiges de polycarbonate faites \u00e0 la main de l\u2019artiste Jacopo Foggini, inspir\u00e9es des textiles traditionnels, serpentent \u00e0 travers le b\u00e2timent du rez-de-chauss\u00e9e au toit, servant \u00e0 la fois de d\u00e9claration visuelle et d&rsquo;\u00e9l\u00e9ments fonctionnels. En effet, tout en offrant une protection solaire, ils scintillent et changent avec la lumi\u00e8re, ajoutant un \u00e9l\u00e9ment dynamique \u00e0 la fa\u00e7ade et renfor\u00e7ant le r\u00f4le du b\u00e2timent en tant que rep\u00e8re public.<\/p>\n\n\n\n<p>La flexibilit\u00e9 et l&rsquo;efficacit\u00e9 sont essentielles au succ\u00e8s du Cluster d&rsquo;Administration Publique. Le syst\u00e8me modulaire garantit non seulement une flexibilit\u00e9 entre les diff\u00e9rents d\u00e9partements administratifs, mais soutient \u00e9galement des usages futurs pouvant g\u00e9n\u00e9rer une valeur \u00e9conomique suppl\u00e9mentaire pour le site. La conception du b\u00e2timent int\u00e8gre une gamme de caract\u00e9ristiques respectueuses de l&rsquo;environnement, notamment des syst\u00e8mes de collecte des eaux de pluie, des cours paysag\u00e9es pour le refroidissement naturel et des terrasses v\u00e9g\u00e9talis\u00e9es. Ces \u00e9l\u00e9ments travaillent ensemble pour fournir de l&rsquo;ombre, r\u00e9duire l&rsquo;effet d&rsquo;\u00eelot de chaleur urbain et am\u00e9liorer l&rsquo;efficacit\u00e9 environnementale du b\u00e2timent, en faisant un contributeur cl\u00e9 \u00e0 la r\u00e9silience \u00e9cologique de Tirana.<\/p>\n\n\n\n<p>En int\u00e9grant l\u2019architecture, l&rsquo;art et le d\u00e9veloppement durable, le complexe contribue non seulement \u00e0 l&rsquo;efficacit\u00e9 administrative de Tirana, mais il enrichit \u00e9galement son paysage culturel et urbain, servant de point de fiert\u00e9 et d&rsquo;engagement pour l&rsquo;ensemble de la communaut\u00e9.<\/p>\n","protected":false},"featured_media":9265,"template":"","categories":[],"acf":[],"_links":{"self":[{"href":"https:\/\/coldefy.fr\/fr\/wp-json\/wp\/v2\/projet\/9388"}],"collection":[{"href":"https:\/\/coldefy.fr\/fr\/wp-json\/wp\/v2\/projet"}],"about":[{"href":"https:\/\/coldefy.fr\/fr\/wp-json\/wp\/v2\/types\/projet"}],"wp:featuredmedia":[{"embeddable":true,"href":"https:\/\/coldefy.fr\/fr\/wp-json\/wp\/v2\/media\/9265"}],"wp:attachment":[{"href":"https:\/\/coldefy.fr\/fr\/wp-json\/wp\/v2\/media?parent=9388"}],"wp:term":[{"taxonomy":"category","embeddable":true,"href":"https:\/\/coldefy.fr\/fr\/wp-json\/wp\/v2\/categories?post=9388"}],"curies":[{"name":"wp","href":"https:\/\/api.w.org\/{rel}","templated":true}]}}